{"id":2,"date":"2016-05-10T03:48:21","date_gmt":"2016-05-10T03:48:21","guid":{"rendered":"http:\/\/circolopopolare.ch\/index\/?page_id=2"},"modified":"2024-05-07T12:57:05","modified_gmt":"2024-05-07T12:57:05","slug":"chi-siamo","status":"publish","type":"page","link":"https:\/\/circolopopolare.ch\/index\/chi-siamo\/","title":{"rendered":"Chi siamo"},"content":{"rendered":"<p><div class=\"fusion-fullwidth fullwidth-box fusion-builder-row-1 nonhundred-percent-fullwidth non-hundred-percent-height-scrolling\" style=\"--awb-border-radius-top-left:0px;--awb-border-radius-top-right:0px;--awb-border-radius-bottom-right:0px;--awb-border-radius-bottom-left:0px;--awb-flex-wrap:wrap;\" ><div class=\"fusion-builder-row fusion-row\"><div class=\"fusion-layout-column fusion_builder_column fusion-builder-column-0 fusion_builder_column_1_1 1_1 fusion-one-full fusion-column-first fusion-column-last\" style=\"--awb-bg-size:cover;--awb-margin-bottom:0px;\"><div class=\"fusion-column-wrapper fusion-flex-column-wrapper-legacy\"><div class=\"fusion-text fusion-text-1\"><h1>Chi siamo<\/h1>\n<\/div><div class=\"fusion-clearfix\"><\/div><\/div><\/div><div class=\"fusion-layout-column fusion_builder_column fusion-builder-column-1 fusion_builder_column_1_2 1_2 fusion-one-half fusion-column-first\" style=\"--awb-bg-size:cover;width:50%;width:calc(50% - ( ( 4% ) * 0.5 ) );margin-right: 4%;\"><div class=\"fusion-column-wrapper fusion-flex-column-wrapper-legacy\"><div class=\"fusion-text fusion-text-2\"><h3>Il Circolo Popolare e il suo scopo<\/h3>\n<p>II Circolo Popolare di Lugano (CPdL) (gi\u00e0 Circolo Operaio Educativo), fondato nel 1891, \u00e8 un&#8217;Associazione di carattere popolare, di pubblica utilit\u00e0, costituita secondo le norme del presente Statuto e degli Art. 60 e segg. del Codice Civile Svizzero. La sua sede \u00e8 a Lugano.<\/p>\n<p>\u00c8 un sodalizio apartitico e aconfessionale che esercita un&#8217;attivit\u00e0 senza fini di lucro.<\/p>\n<p>Lo scopo della societ\u00e0 \u00e8 quello di promuovere la coscienza morale e civile dei suoi membri attraverso la formazione continua, la conoscenza e la valorizzazione della cultura popolare e delle nostre tradizioni storiche, nell&#8217;intento di incrementare 1&#8217;amore per la nostra terra, le sue istituzioni, la sua cultura, di comprendere 1&#8217;evoluzione dei tempi e di favorire la solidariet\u00e0 tra i suoi componenti.<\/p>\n<\/div><div class=\"fusion-sep-clear\"><\/div><div class=\"fusion-separator fusion-full-width-sep\" style=\"margin-left: auto;margin-right: auto;margin-top:2%;width:100%;\"><\/div><div class=\"fusion-sep-clear\"><\/div><div class=\"fusion-button-wrapper\"><a class=\"fusion-button button-flat fusion-button-default-size button-default fusion-button-default button-1 fusion-button-default-span fusion-button-default-type\" target=\"_blank\" rel=\"noopener noreferrer\" href=\"\/index\/wp-content\/uploads\/2018\/10\/Statuto_v2018.pdf\"><span class=\"fusion-button-text\">Scarica lo statuto (PDF)<\/span><\/a><\/div><div class=\"fusion-clearfix\"><\/div><\/div><\/div><div class=\"fusion-layout-column fusion_builder_column fusion-builder-column-2 fusion_builder_column_1_2 1_2 fusion-one-half fusion-column-last\" style=\"--awb-bg-size:cover;width:50%;width:calc(50% - ( ( 4% ) * 0.5 ) );\"><div class=\"fusion-column-wrapper fusion-flex-column-wrapper-legacy\"><div class=\"fusion-text fusion-text-3\"><h3>Attivit\u00e0 e risorse<\/h3>\n<p>II CPdL si propone di raggiungere i suoi scopi mediante:<\/p>\n<ol>\n<li>la <strong>creazione di occasioni d&#8217;incontro<\/strong>, di conoscenze reciproche, di amicizia e di solidariet\u00e0 tra i soci e le loro famiglie;<\/li>\n<li>l&#8217;<strong>organizzazione di manifestazioni pubbliche su temi di attualit\u00e0 o di valore storico<\/strong>;<\/li>\n<li>la <strong>realizzazione di gite culturali<\/strong>;<\/li>\n<li>la <strong>tenuta di incontri ricreativi e benefici nella fedelt\u00e0 allo spirito delle feste popolari tradizionali<\/strong>, consolidate nella lunga vita del CPdL, adattate alle necessit\u00e0 ed alle abitudini dei tempi, a favore delle famiglie e della giovent\u00f9.<\/li>\n<\/ol>\n<p>Per potere realizzare detti scopi l&#8217;Associazione dispone delle tasse sociali, di lasciti e donazioni pubbliche, di eventuali sussidi, di contributi di possibili sostenitori, del patrimonio sociale consolidato.<\/p>\n<\/div><div class=\"fusion-clearfix\"><\/div><\/div><\/div><\/div><\/div><div class=\"fusion-bg-parallax\" data-bg-align=\"left center\" data-direction=\"up\" data-mute=\"false\" data-opacity=\"100\" data-velocity=\"-0.5\" data-mobile-enabled=\"false\" data-break_parents=\"0\" data-bg-image=\"http:\/\/circolopopolare.ch\/index\/wp-content\/uploads\/2018\/10\/f2.jpg\" data-bg-repeat=\"false\" ><\/div><div class=\"fusion-fullwidth fullwidth-box fusion-builder-row-2 fusion-parallax-up nonhundred-percent-fullwidth non-hundred-percent-height-scrolling\" style=\"--awb-background-position:left center;--awb-border-radius-top-left:0px;--awb-border-radius-top-right:0px;--awb-border-radius-bottom-right:0px;--awb-border-radius-bottom-left:0px;--awb-padding-top:7%;--awb-padding-bottom:7%;--awb-margin-top:3%;--awb-margin-bottom:3%;--awb-background-image:url(&quot;http:\/\/circolopopolare.ch\/index\/wp-content\/uploads\/2018\/10\/f2.jpg&quot;);--awb-background-size:cover;--awb-flex-wrap:wrap;\" ><div class=\"fusion-builder-row fusion-row\"><div class=\"fusion-layout-column fusion_builder_column fusion-builder-column-3 fusion_builder_column_1_2 1_2 fusion-one-half fusion-column-first fusion-no-small-visibility\" style=\"--awb-bg-size:cover;width:50%;width:calc(50% - ( ( 4% ) * 0.5 ) );margin-right: 4%;\"><div class=\"fusion-column-wrapper fusion-flex-column-wrapper-legacy\"><div class=\"fusion-clearfix\"><\/div><\/div><\/div><div class=\"fusion-layout-column fusion_builder_column fusion-builder-column-4 fusion_builder_column_1_2 1_2 fusion-one-half fusion-column-last fusion-animated\" style=\"--awb-padding-top:40px;--awb-padding-right:40px;--awb-padding-bottom:40px;--awb-padding-left:40px;--awb-bg-color:rgba(255,255,255,0.8);--awb-bg-color-hover:rgba(255,255,255,0.8);--awb-bg-size:cover;--awb-border-color:#f9b138;--awb-border-top:15px;--awb-border-right:15px;--awb-border-bottom:15px;--awb-border-left:15px;--awb-border-style:solid;--awb-margin-top:40px;--awb-margin-bottom:40px;width:50%;width:calc(50% - ( ( 4% ) * 0.5 ) );\" data-animationType=\"slideInRight\" data-animationDuration=\"0.6\" data-animationOffset=\"top-into-view\"><div class=\"fusion-column-wrapper fusion-flex-column-wrapper-legacy\"><div class=\"fusion-title title fusion-title-1 fusion-sep-none fusion-title-center fusion-title-text fusion-title-size-six\" style=\"--awb-margin-bottom:10px;\"><h6 class=\"fusion-title-heading title-heading-center fusion-responsive-typography-calculated\" style=\"margin:0;--fontSize:16;--minFontSize:16;line-height:1.5;\"><p style=\"text-align: center;\">Ieri e oggi<\/p><\/h6><\/div><div class=\"fusion-title title fusion-title-2 fusion-sep-none fusion-title-center fusion-title-text fusion-title-size-two\" style=\"--awb-margin-bottom:10px;\"><h2 class=\"fusion-title-heading title-heading-center fusion-responsive-typography-calculated\" style=\"margin:0;--fontSize:47;line-height:1.2;\"><p style=\"text-align: center;\">COMITATO 2024<\/p><\/h2><\/div><div class=\"fusion-sep-clear\"><\/div><div class=\"fusion-separator\" style=\"margin-left: auto;margin-right: auto;margin-top:10px;margin-bottom:30px;width:100%;max-width:70%;\"><div class=\"fusion-separator-border sep-single sep-solid\" style=\"--awb-height:20px;--awb-amount:20px;--awb-sep-color:#e20612;border-color:#e20612;border-top-width:1px;\"><\/div><\/div><div class=\"fusion-sep-clear\"><\/div><div class=\"fusion-text fusion-text-4\"><p style=\"text-align: left;\">Il Comitato del Circolo Popolare di Lugano \u00e8 oggi cos\u00ec composto:<\/p>\n<p style=\"text-align: left;\"><strong>Michele Bertini<\/strong> &#8211; Presidente<br \/>\n<strong>Eliana Fuchs-Recalcati<\/strong> &#8211; Segretaria<br \/>\n<strong>Mariangela Agliati-Ruggia<\/strong>\u00a0&#8211; Membro<br \/>\n<strong>Roberto Boldini<\/strong> &#8211; Membro<br \/>\n<strong>Lauro De Giorgi<\/strong> &#8211; Membro<br \/>\n<strong>Danila Longoni<\/strong> &#8211; Membro<br \/>\n<strong>Antonio Gili<\/strong> &#8211; Membro<br \/>\n<strong>Silvano Montanaro<\/strong> &#8211; Membro<br \/>\n<strong>Roberto Noseda<\/strong> &#8211; Membro<\/p>\n<\/div><div class=\"fusion-clearfix\"><\/div><\/div><\/div><\/div><\/div><div id=\"storia\" class=\"fusion-container-anchor\"><div class=\"fusion-fullwidth fullwidth-box fusion-builder-row-3 nonhundred-percent-fullwidth non-hundred-percent-height-scrolling\" style=\"--awb-border-radius-top-left:0px;--awb-border-radius-top-right:0px;--awb-border-radius-bottom-right:0px;--awb-border-radius-bottom-left:0px;--awb-flex-wrap:wrap;\" ><div class=\"fusion-builder-row fusion-row\"><div class=\"fusion-layout-column fusion_builder_column fusion-builder-column-5 fusion_builder_column_1_1 1_1 fusion-one-full fusion-column-first fusion-column-last\" style=\"--awb-bg-size:cover;\"><div class=\"fusion-column-wrapper fusion-flex-column-wrapper-legacy\"><div class=\"fusion-text fusion-text-5\"><h3>La nostra storia<\/h3>\n<p>Con la denominazione di Circolo Operaio Educativo, modificata poi in occasione dell\u2019Assemblea generale del 23 febbraio del 2013 in Circolo Popolare di Lugano, questo sodalizio nato verso la fine dell\u2019ottocento \u00e8 di particolare rilevanza nella storia di Lugano: il primo statuto porta infatti la data del<strong> 1\u00b0 gennaio 1891<\/strong>. Particolarmente curata, fin dall\u2019inizio dell\u2019attivit\u00e0 sociale, l\u2019offerta ai giovani di allora di un perfezionamento professionale mediante corsi serali regolari di disegno, di cultura generale (fisica, storia, geografia), di lingue (francese e tedesco) e di cucito.<\/p>\n<p>Questi corsi erano impartiti gratuitamente da insegnanti e professionisti benemeriti, mossi da &#8220;deamicisiano&#8221; entusiasmo. Nessuna legge, nessun ordinamento regolava a quei tempi l\u2019istruzione professionale. I corsi, sorti spontaneamente, sopperivano quindi ad una grave lacuna (che andava vieppi\u00f9 manifestandosi con il passare degli anni) e che chiedeva con urgenza di essere colmata. Iniziative private, come questa del Circolo e quelle simili della Societ\u00e0 dei commercianti o dei Comuni stessi, contribuirono certamente a smuovere le acque e a creare un clima favorevole per giungere all\u2019adozione di una legge-quadro federale che regolasse la materia della formazione professionale in maniera uniforme in tutta la Confederazione. Legislazione che giunse per\u00f2 a maturazione solo nei primi decenni del Novecento.<\/p>\n<p>Quella del Circolo fu quindi un\u2019opera d\u2019avanguardia di grande impegno civile. Seppe rimediare a palesi lacune istituzionali con slanci altruistici di tante personalit\u00e0, di insegnanti e di professionisti che, per ideale, vi si prestarono a titolo assolutamente gratuito.<\/p>\n<p>Tra loro, oltre ai fondatori mo. Pierino Laghi e Angelo Tamborini, ricordiamo il prof. Augusto Cometta, che assunse anche la presidenza del sodalizio, il mo. Cesare Palli, che fu per tanti anni il vero &#8220;direttore&#8221; di questi corsi oltre che Vicepresidente, il prof. Lumina, docente di disegno morto giovane in Italia in guerra durante il primo conflitto mondiale, l\u2019arch. Fulvio Soldati, progettista con Tallone della Basilica del Sacro Cuore, l\u2019arch. Mario Fontana, il pittore-decoratore Carlo Agliati, padre del prof. Mario e, in tempi pi\u00f9 vicini a noi, le professoresse Maria Bertoglio e Ebe Trenta, il prof. Camillo Bariffi, i dottori Carlo Giovannini e Solari.<\/p>\n<h3><strong>I Presidenti del Circolo<\/strong><\/h3>\n<p>Sono nell\u2019ordine: Giuseppe Bernasconi, Augusto Cometta, Elvezio Pessina, Salvatore Negri, Paolo Bernasconi, Mario Agliati, Aurelio Longoni, Claudio Gianinazzi.<\/p>\n<\/div><div class=\"fusion-clearfix\"><\/div><\/div><\/div><\/div><\/div><\/div><\/p>\n","protected":false},"excerpt":{"rendered":"","protected":false},"author":1,"featured_media":0,"parent":0,"menu_order":0,"comment_status":"closed","ping_status":"open","template":"100-width.php","meta":{"footnotes":""},"yoast_head":"<!-- This site is optimized with the Yoast SEO plugin v21.3 - https:\/\/yoast.com\/wordpress\/plugins\/seo\/ -->\n<title>Chi siamo - Circolo Popolare di Lugano<\/title>\n<meta name=\"robots\" content=\"index, follow, max-snippet:-1, max-image-preview:large, max-video-preview:-1\" \/>\n<link rel=\"canonical\" href=\"https:\/\/circolopopolare.ch\/index\/chi-siamo\/\" \/>\n<meta property=\"og:locale\" content=\"it_IT\" \/>\n<meta property=\"og:type\" content=\"article\" \/>\n<meta property=\"og:title\" content=\"Chi siamo - Circolo Popolare di Lugano\" \/>\n<meta property=\"og:url\" content=\"https:\/\/circolopopolare.ch\/index\/chi-siamo\/\" \/>\n<meta property=\"og:site_name\" content=\"Circolo Popolare di Lugano\" \/>\n<meta property=\"article:modified_time\" content=\"2024-05-07T12:57:05+00:00\" \/>\n<meta name=\"twitter:card\" content=\"summary_large_image\" \/>\n<meta name=\"twitter:label1\" content=\"Tempo di lettura stimato\" \/>\n\t<meta name=\"twitter:data1\" content=\"7 minuti\" \/>\n<script type=\"application\/ld+json\" class=\"yoast-schema-graph\">{\"@context\":\"https:\/\/schema.org\",\"@graph\":[{\"@type\":\"WebPage\",\"@id\":\"https:\/\/circolopopolare.ch\/index\/chi-siamo\/\",\"url\":\"https:\/\/circolopopolare.ch\/index\/chi-siamo\/\",\"name\":\"Chi siamo - Circolo Popolare di Lugano\",\"isPartOf\":{\"@id\":\"https:\/\/circolopopolare.ch\/index\/#website\"},\"datePublished\":\"2016-05-10T03:48:21+00:00\",\"dateModified\":\"2024-05-07T12:57:05+00:00\",\"breadcrumb\":{\"@id\":\"https:\/\/circolopopolare.ch\/index\/chi-siamo\/#breadcrumb\"},\"inLanguage\":\"it-IT\",\"potentialAction\":[{\"@type\":\"ReadAction\",\"target\":[\"https:\/\/circolopopolare.ch\/index\/chi-siamo\/\"]}]},{\"@type\":\"BreadcrumbList\",\"@id\":\"https:\/\/circolopopolare.ch\/index\/chi-siamo\/#breadcrumb\",\"itemListElement\":[{\"@type\":\"ListItem\",\"position\":1,\"name\":\"Home\",\"item\":\"https:\/\/circolopopolare.ch\/index\/\"},{\"@type\":\"ListItem\",\"position\":2,\"name\":\"Chi siamo\"}]},{\"@type\":\"WebSite\",\"@id\":\"https:\/\/circolopopolare.ch\/index\/#website\",\"url\":\"https:\/\/circolopopolare.ch\/index\/\",\"name\":\"Circolo Popolare di Lugano\",\"description\":\"\",\"potentialAction\":[{\"@type\":\"SearchAction\",\"target\":{\"@type\":\"EntryPoint\",\"urlTemplate\":\"https:\/\/circolopopolare.ch\/index\/?s={search_term_string}\"},\"query-input\":\"required name=search_term_string\"}],\"inLanguage\":\"it-IT\"}]}<\/script>\n<!-- \/ Yoast SEO plugin. -->","yoast_head_json":{"title":"Chi siamo - Circolo Popolare di Lugano","robots":{"index":"index","follow":"follow","max-snippet":"max-snippet:-1","max-image-preview":"max-image-preview:large","max-video-preview":"max-video-preview:-1"},"canonical":"https:\/\/circolopopolare.ch\/index\/chi-siamo\/","og_locale":"it_IT","og_type":"article","og_title":"Chi siamo - Circolo Popolare di Lugano","og_url":"https:\/\/circolopopolare.ch\/index\/chi-siamo\/","og_site_name":"Circolo Popolare di Lugano","article_modified_time":"2024-05-07T12:57:05+00:00","twitter_card":"summary_large_image","twitter_misc":{"Tempo di lettura stimato":"7 minuti"},"schema":{"@context":"https:\/\/schema.org","@graph":[{"@type":"WebPage","@id":"https:\/\/circolopopolare.ch\/index\/chi-siamo\/","url":"https:\/\/circolopopolare.ch\/index\/chi-siamo\/","name":"Chi siamo - Circolo Popolare di Lugano","isPartOf":{"@id":"https:\/\/circolopopolare.ch\/index\/#website"},"datePublished":"2016-05-10T03:48:21+00:00","dateModified":"2024-05-07T12:57:05+00:00","breadcrumb":{"@id":"https:\/\/circolopopolare.ch\/index\/chi-siamo\/#breadcrumb"},"inLanguage":"it-IT","potentialAction":[{"@type":"ReadAction","target":["https:\/\/circolopopolare.ch\/index\/chi-siamo\/"]}]},{"@type":"BreadcrumbList","@id":"https:\/\/circolopopolare.ch\/index\/chi-siamo\/#breadcrumb","itemListElement":[{"@type":"ListItem","position":1,"name":"Home","item":"https:\/\/circolopopolare.ch\/index\/"},{"@type":"ListItem","position":2,"name":"Chi siamo"}]},{"@type":"WebSite","@id":"https:\/\/circolopopolare.ch\/index\/#website","url":"https:\/\/circolopopolare.ch\/index\/","name":"Circolo Popolare di Lugano","description":"","potentialAction":[{"@type":"SearchAction","target":{"@type":"EntryPoint","urlTemplate":"https:\/\/circolopopolare.ch\/index\/?s={search_term_string}"},"query-input":"required name=search_term_string"}],"inLanguage":"it-IT"}]}},"_links":{"self":[{"href":"https:\/\/circolopopolare.ch\/index\/wp-json\/wp\/v2\/pages\/2"}],"collection":[{"href":"https:\/\/circolopopolare.ch\/index\/wp-json\/wp\/v2\/pages"}],"about":[{"href":"https:\/\/circolopopolare.ch\/index\/wp-json\/wp\/v2\/types\/page"}],"author":[{"embeddable":true,"href":"https:\/\/circolopopolare.ch\/index\/wp-json\/wp\/v2\/users\/1"}],"replies":[{"embeddable":true,"href":"https:\/\/circolopopolare.ch\/index\/wp-json\/wp\/v2\/comments?post=2"}],"version-history":[{"count":20,"href":"https:\/\/circolopopolare.ch\/index\/wp-json\/wp\/v2\/pages\/2\/revisions"}],"predecessor-version":[{"id":1134,"href":"https:\/\/circolopopolare.ch\/index\/wp-json\/wp\/v2\/pages\/2\/revisions\/1134"}],"wp:attachment":[{"href":"https:\/\/circolopopolare.ch\/index\/wp-json\/wp\/v2\/media?parent=2"}],"curies":[{"name":"wp","href":"https:\/\/api.w.org\/{rel}","templated":true}]}}